{"id":6845,"date":"2023-12-11T12:02:09","date_gmt":"2023-12-11T15:02:09","guid":{"rendered":"https:\/\/ies6017-sal.infd.edu.ar\/sitio\/?page_id=6845"},"modified":"2024-02-01T11:03:42","modified_gmt":"2024-02-01T14:03:42","slug":"formulario-de-inscripcion","status":"publish","type":"page","link":"https:\/\/ies6017-sal.infd.edu.ar\/sitio\/formulario-de-inscripcion\/","title":{"rendered":"Formulario de Inscripci\u00f3n"},"content":{"rendered":"\n<div class=\"wp-block-cover alignfull\" style=\"min-height:120px\"><span aria-hidden=\"true\" class=\"wp-block-cover__background has-base-2-background-color has-background-dim-0 has-background-dim\"><\/span><div class=\"wp-block-cover__inner-container\">\n<h2 class=\"wp-block-heading has-text-align-center\"><img decoding=\"async\" loading=\"lazy\" width=\"674\" height=\"219\" class=\"wp-image-6637\" style=\"width: 350px;\" src=\"https:\/\/ies6017-sal.infd.edu.ar\/sitio\/wp-content\/uploads\/2023\/11\/Recurso-25.png\" alt=\"\"><\/h2>\n<\/div><\/div>\n\n\n\n<h3 class=\"wp-block-heading alignwide has-text-align-center\" style=\"letter-spacing:5px;text-transform:uppercase\"><strong>PREINSCRIPCI\u00d3N VIRTUAL<\/strong><\/h3>\n\n\n<h5><strong>1\u00b0 instancia virtual obligatoria: Formularios de Preinscripci\u00f3n por carrera<\/strong><\/h5>\n<p>Para iniciar la preinscripci\u00f3n te pedimos que completes el formulario correspondiente a la carrera que elegiste. Ten\u00e9s tiempo desde el <strong>11 hasta el 15 de diciembre<\/strong> para finalizar esta primera instancia virtual.<\/p>\n<h5><strong>2\u00b0 instancia presencial obligatoria: Recepci\u00f3n de documentaci\u00f3n para la preinscripci\u00f3n <\/strong><\/h5>\n<p style=\"text-align: justify;\">En esta segunda etapa, ten\u00e9s que asistir a la sede del instituto para entregar la documentaci\u00f3n solicitada y confirmar la preinscripci\u00f3n. a y confirmar la inscripci\u00f3n. <strong>Cada carrera tiene destinado un d\u00eda para la recepci\u00f3n de la documentaci\u00f3n.<\/strong><\/p>\n<p><strong>Direcci\u00f3n:<\/strong> Sarmiento 351, Gral. G\u00fcemes &#8211; <strong>Horario:<\/strong> 19:30 a 22:30&nbsp;<\/p>\n\n\n<figure class=\"wp-block-table is-style-stripes\"><table><thead><tr><th>Carrera<\/th><th class=\"has-text-align-center\" data-align=\"center\">1\u00b0 Instancia:<br>Formulario<\/th><th class=\"has-text-align-center\" data-align=\"center\">2\u00b0 Instancia:<br>Recepci\u00f3n de la Documentaci\u00f3n<\/th><\/tr><\/thead><tbody><tr><td>Profesorado de Educaci\u00f3n Secundaria en Qu\u00edmica<\/td><td class=\"has-text-align-center\" data-align=\"center\"><img decoding=\"async\" loading=\"lazy\" width=\"349\" height=\"480\" class=\"wp-image-6846\" style=\"width: 50px;\" src=\"https:\/\/ies6017-sal.infd.edu.ar\/sitio\/wp-content\/uploads\/2023\/12\/Forms.png\" alt=\"\"><\/td><td class=\"has-text-align-center\" data-align=\"center\"><s>Lunes 18\/12<\/s><br>Jueves 28\/12<\/td><\/tr><tr><td>Tecnicatura Superior en An\u00e1lisis de Sistemas con Orientaci\u00f3n en Desarrollo de Software<\/td><td class=\"has-text-align-center\" data-align=\"center\"><img decoding=\"async\" loading=\"lazy\" width=\"349\" height=\"480\" class=\"wp-image-6846\" style=\"width: 50px;\" src=\"https:\/\/ies6017-sal.infd.edu.ar\/sitio\/wp-content\/uploads\/2023\/12\/Forms.png\" alt=\"\"><\/td><td class=\"has-text-align-center\" data-align=\"center\">Martes 19\/12<\/td><\/tr><tr><td>Profesorado de Educaci\u00f3n Secundaria en Inform\u00e1tica<\/td><td class=\"has-text-align-center\" data-align=\"center\"><img decoding=\"async\" loading=\"lazy\" width=\"349\" height=\"480\" class=\"wp-image-6846\" style=\"width: 50px;\" src=\"https:\/\/ies6017-sal.infd.edu.ar\/sitio\/wp-content\/uploads\/2023\/12\/Forms.png\" alt=\"\"><\/td><td class=\"has-text-align-center\" data-align=\"center\">Mi\u00e9rcoles 20\/12<\/td><\/tr><tr><td>Tecnicatura Superior en Laboratorio<\/td><td class=\"has-text-align-center\" data-align=\"center\"><img decoding=\"async\" loading=\"lazy\" width=\"349\" height=\"480\" class=\"wp-image-6846\" style=\"width: 50px;\" src=\"https:\/\/ies6017-sal.infd.edu.ar\/sitio\/wp-content\/uploads\/2023\/12\/Forms.png\" alt=\"\"><\/td><td class=\"has-text-align-center\" data-align=\"center\">Jueves 21\/12<\/td><\/tr><tr><td>Tecnicatura Superior en Marketing Digital (Anexo Campo Santo)<\/td><td class=\"has-text-align-center\" data-align=\"center\"><img decoding=\"async\" loading=\"lazy\" width=\"349\" height=\"480\" class=\"wp-image-6846\" style=\"width: 50px;\" src=\"https:\/\/ies6017-sal.infd.edu.ar\/sitio\/wp-content\/uploads\/2023\/12\/Forms.png\" alt=\"\"><\/td><td class=\"has-text-align-center\" data-align=\"center\">Viernes 22\/12<\/td><\/tr><tr><td>Profesorado de Educaci\u00f3n Inicial<\/td><td class=\"has-text-align-center\" data-align=\"center\"><img decoding=\"async\" loading=\"lazy\" width=\"349\" height=\"480\" class=\"wp-image-6846\" style=\"width: 50px;\" src=\"https:\/\/ies6017-sal.infd.edu.ar\/sitio\/wp-content\/uploads\/2023\/12\/Forms.png\" alt=\"\"><\/td><td class=\"has-text-align-center\" data-align=\"center\">Martes 26\/12<\/td><\/tr><tr><td>Profesorado en Educaci\u00f3n Primaria<\/td><td class=\"has-text-align-center\" data-align=\"center\"><img decoding=\"async\" loading=\"lazy\" width=\"349\" height=\"480\" class=\"wp-image-6846\" style=\"width: 50px;\" src=\"https:\/\/ies6017-sal.infd.edu.ar\/sitio\/wp-content\/uploads\/2023\/12\/Forms.png\" alt=\"\"><\/td><td class=\"has-text-align-center\" data-align=\"center\">Mi\u00e9rcoles 27\/12<\/td><\/tr><tr><td><\/td><td class=\"has-text-align-center\" data-align=\"center\"><\/td><td class=\"has-text-align-center\" data-align=\"center\"><\/td><\/tr><\/tbody><\/table><figcaption class=\"wp-element-caption\"><strong>Ante cualquier situaci\u00f3n dirigirse a la instituci\u00f3n en el horario de 19:30 a 22:30 <\/strong><\/figcaption><\/figure>\n","protected":false},"excerpt":{"rendered":"<p>PREINSCRIPCI\u00d3N VIRTUAL 1\u00b0 instancia virtual obligatoria: Formularios de Preinscripci\u00f3n por carrera Para iniciar la preinscripci\u00f3n te pedimos que completes el formulario correspondiente a la carrera que elegiste. Ten\u00e9s tiempo desde el 11 hasta el 15 de diciembre para finalizar esta primera instancia virtual. 2\u00b0 instancia presencial obligatoria: Recepci\u00f3n de documentaci\u00f3n para la preinscripci\u00f3n En esta &#8230; <a title=\"Formulario de Inscripci\u00f3n\" class=\"read-more\" href=\"https:\/\/ies6017-sal.infd.edu.ar\/sitio\/formulario-de-inscripcion\/\" aria-label=\"More on Formulario de Inscripci\u00f3n\">[+]<\/a><\/p>\n","protected":false},"author":3682,"featured_media":0,"parent":0,"menu_order":0,"comment_status":"closed","ping_status":"closed","template":"","meta":[],"acf":[],"_links":{"self":[{"href":"https:\/\/ies6017-sal.infd.edu.ar\/sitio\/wp-json\/wp\/v2\/pages\/6845"}],"collection":[{"href":"https:\/\/ies6017-sal.infd.edu.ar\/sitio\/wp-json\/wp\/v2\/pages"}],"about":[{"href":"https:\/\/ies6017-sal.infd.edu.ar\/sitio\/wp-json\/wp\/v2\/types\/page"}],"author":[{"embeddable":true,"href":"https:\/\/ies6017-sal.infd.edu.ar\/sitio\/wp-json\/wp\/v2\/users\/3682"}],"replies":[{"embeddable":true,"href":"https:\/\/ies6017-sal.infd.edu.ar\/sitio\/wp-json\/wp\/v2\/comments?post=6845"}],"version-history":[{"count":13,"href":"https:\/\/ies6017-sal.infd.edu.ar\/sitio\/wp-json\/wp\/v2\/pages\/6845\/revisions"}],"predecessor-version":[{"id":7520,"href":"https:\/\/ies6017-sal.infd.edu.ar\/sitio\/wp-json\/wp\/v2\/pages\/6845\/revisions\/7520"}],"wp:attachment":[{"href":"https:\/\/ies6017-sal.infd.edu.ar\/sitio\/wp-json\/wp\/v2\/media?parent=6845"}],"curies":[{"name":"wp","href":"https:\/\/api.w.org\/{rel}","templated":true}]}}